{"id":1556,"date":"2024-06-04T20:25:22","date_gmt":"2024-06-04T20:25:22","guid":{"rendered":"https:\/\/cab.org.bo\/web\/?page_id=1556"},"modified":"2026-04-25T17:32:06","modified_gmt":"2026-04-25T17:32:06","slug":"convenios-con-universidades","status":"publish","type":"page","link":"https:\/\/cab.org.bo\/web\/convenios-con-universidades\/","title":{"rendered":"Convenios con Universidades"},"content":{"rendered":"\n<style>\n.cab-convenios-grid {\n  font-family: \"Sofia Sans\", sans-serif;\n}\n\n.cab-convenios-grid__inner {\n  display: grid;\n  grid-template-columns: repeat(2, minmax(0, 1fr));\n  gap: 16px;\n}\n\n.cab-convenio-card {\n  display: grid;\n  grid-template-columns: 112px 1fr;\n  gap: 0;\n  min-height: 142px;\n  background: #f6f7f8;\n  border: 1px solid #e4e8ec;\n  text-decoration: none !important;\n  color: #111 !important;\n  position: relative;\n  transition: border-color .2s ease, transform .2s ease, box-shadow .2s ease;\n  overflow: hidden;\n}\n\n.cab-convenio-card::before {\n  content: \"\";\n  position: absolute;\n  inset: 0 auto 0 0;\n  width: 4px;\n  background: #1d9b97;\n}\n\n.cab-convenio-card:hover {\n  border-color: #1d9b97;\n  transform: translateY(-3px);\n  box-shadow: 0 14px 28px rgba(16, 24, 32, 0.08);\n}\n\n.cab-convenio-card__media {\n  background: #fff;\n  display: flex;\n  align-items: center;\n  justify-content: center;\n  padding: 18px;\n  border-right: 1px solid #e8ecef;\n}\n\n.cab-convenio-card__media img {\n  max-width: 100%;\n  max-height: 88px;\n  width: auto;\n  height: auto;\n  object-fit: contain;\n  display: block;\n}\n\n.cab-convenio-card__body {\n  display: flex;\n  flex-direction: column;\n  justify-content: center;\n  padding: 18px 20px 18px 18px;\n  min-width: 0;\n}\n\n.cab-convenio-card__kicker {\n  font-size: .68rem;\n  font-weight: 700;\n  letter-spacing: .12em;\n  text-transform: uppercase;\n  color: #f27322;\n  margin-bottom: 8px;\n}\n\n.cab-convenio-card__title {\n  font-size: 1rem;\n  font-weight: 700;\n  line-height: 1.2;\n  color: #1b1f23;\n  max-width: 24ch;\n}\n\n.cab-convenio-card__arrow {\n  margin-top: 14px;\n  color: #b9c0c7;\n  font-size: 1rem;\n  transition: transform .2s ease, color .2s ease;\n}\n\n.cab-convenio-card:hover .cab-convenio-card__arrow {\n  color: #1d9b97;\n  transform: translateX(4px);\n}\n\n@media (max-width: 860px) {\n  .cab-convenios-grid__inner {\n    grid-template-columns: 1fr;\n  }\n}\n\n@media (max-width: 540px) {\n  .cab-convenio-card {\n    grid-template-columns: 92px 1fr;\n    min-height: 124px;\n  }\n\n  .cab-convenio-card__media {\n    padding: 14px;\n  }\n\n  .cab-convenio-card__media img {\n    max-height: 72px;\n  }\n\n  .cab-convenio-card__body {\n    padding: 14px 16px 14px 14px;\n  }\n\n  .cab-convenio-card__title {\n    font-size: .92rem;\n  }\n}\n<\/style>\n\n<section class=\"cab-convenios-grid\">\n  <div class=\"cab-convenios-grid__inner\">\n\n    <a class=\"cab-convenio-card\" href=\"https:\/\/cab.org.bo\/web\/san-francisco-xavier-de-chuquisaca\/\" target=\"_blank\" rel=\"noopener\">\n      <span class=\"cab-convenio-card__media\">\n        <img src=\"https:\/\/cab.org.bo\/web\/wp-content\/uploads\/2024\/06\/EMBLEMA-USFX.jpg\" alt=\"San Francisco Xavier de Chuquisaca\" loading=\"lazy\" decoding=\"async\">\n      <\/span>\n      <span class=\"cab-convenio-card__body\">\n        <span class=\"cab-convenio-card__kicker\">Convenio acad\u00e9mico<\/span>\n        <span class=\"cab-convenio-card__title\">San Francisco Xavier de Chuquisaca<\/span>\n        <span class=\"cab-convenio-card__arrow\" aria-hidden=\"true\">\u2192<\/span>\n      <\/span>\n    <\/a>\n\n    <a class=\"cab-convenio-card\" href=\"https:\/\/drive.google.com\/file\/d\/1Quo_BZYnDNakiA2ISnZUTIGYprnEMurA\/view?usp=sharing\" target=\"_blank\" rel=\"noopener\">\n      <span class=\"cab-convenio-card__media\">\n        <img src=\"https:\/\/cab.org.bo\/web\/wp-content\/uploads\/2024\/06\/Marca_Vertical_Universidad_Mayor_de_San_Simon_Cochabamba_Bolivia.png\" alt=\"Universidad Mayor de San Sim\u00f3n\" loading=\"lazy\" decoding=\"async\">\n      <\/span>\n      <span class=\"cab-convenio-card__body\">\n        <span class=\"cab-convenio-card__kicker\">Convenio acad\u00e9mico<\/span>\n        <span class=\"cab-convenio-card__title\">San Sim\u00f3n<\/span>\n        <span class=\"cab-convenio-card__arrow\" aria-hidden=\"true\">\u2192<\/span>\n      <\/span>\n    <\/a>\n\n    <a class=\"cab-convenio-card\" href=\"https:\/\/cab.org.bo\/web\/universidad-autonoma-tomas-frias\/\" target=\"_blank\" rel=\"noopener\">\n      <span class=\"cab-convenio-card__media\">\n        <img src=\"https:\/\/cab.org.bo\/web\/wp-content\/uploads\/2024\/09\/Escudo_Universidad_Autonoma_Tomas_Frias.png\" alt=\"Universidad Aut\u00f3noma Tom\u00e1s Fr\u00edas\" loading=\"lazy\" decoding=\"async\">\n      <\/span>\n      <span class=\"cab-convenio-card__body\">\n        <span class=\"cab-convenio-card__kicker\">Convenio acad\u00e9mico<\/span>\n        <span class=\"cab-convenio-card__title\">Tom\u00e1s Fr\u00edas<\/span>\n        <span class=\"cab-convenio-card__arrow\" aria-hidden=\"true\">\u2192<\/span>\n      <\/span>\n    <\/a>\n\n    <a class=\"cab-convenio-card\" href=\"https:\/\/drive.google.com\/file\/d\/1PJDVmx4IFkakFY_MHHmLQPAhkGQbtrlh\/view?usp=drive_link\" target=\"_blank\" rel=\"noopener\">\n      <span class=\"cab-convenio-card__media\">\n        <img src=\"https:\/\/cab.org.bo\/web\/wp-content\/uploads\/2024\/10\/univa.png\" alt=\"Universidad Univalle\" loading=\"lazy\" decoding=\"async\">\n      <\/span>\n      <span class=\"cab-convenio-card__body\">\n        <span class=\"cab-convenio-card__kicker\">Convenio acad\u00e9mico<\/span>\n        <span class=\"cab-convenio-card__title\">Univalle<\/span>\n        <span class=\"cab-convenio-card__arrow\" aria-hidden=\"true\">\u2192<\/span>\n      <\/span>\n    <\/a>\n\n    <a class=\"cab-convenio-card\" href=\"https:\/\/drive.google.com\/file\/d\/15jcv9EeIPfPN5zchOGoGEAoBZMljEDCM\/view?usp=sharing\" target=\"_blank\" rel=\"noopener\">\n      <span class=\"cab-convenio-card__media\">\n        <img src=\"https:\/\/cab.org.bo\/web\/wp-content\/uploads\/2025\/10\/Logo_Umsa.png\" alt=\"Universidad Mayor de San Andr\u00e9s\" loading=\"lazy\" decoding=\"async\">\n      <\/span>\n      <span class=\"cab-convenio-card__body\">\n        <span class=\"cab-convenio-card__kicker\">Convenio acad\u00e9mico<\/span>\n        <span class=\"cab-convenio-card__title\">Universidad Mayor de San Andr\u00e9s<\/span>\n        <span class=\"cab-convenio-card__arrow\" aria-hidden=\"true\">\u2192<\/span>\n      <\/span>\n    <\/a>\n\n  <\/div>\n<\/section>\n","protected":false},"excerpt":{"rendered":"<p>Convenio acad\u00e9mico San Francisco Xavier de Chuquisaca \u2192 Convenio acad\u00e9mico San Sim\u00f3n \u2192 Convenio acad\u00e9mico Tom\u00e1s Fr\u00edas \u2192 Convenio acad\u00e9mico Univalle \u2192 Convenio acad\u00e9mico Universidad Mayor de San Andr\u00e9s \u2192<\/p>\n","protected":false},"author":3,"featured_media":0,"parent":0,"menu_order":0,"comment_status":"closed","ping_status":"closed","template":"","meta":{"footnotes":""},"class_list":["post-1556","page","type-page","status-publish","hentry"],"_links":{"self":[{"href":"https:\/\/cab.org.bo\/web\/wp-json\/wp\/v2\/pages\/1556","targetHints":{"allow":["GET"]}}],"collection":[{"href":"https:\/\/cab.org.bo\/web\/wp-json\/wp\/v2\/pages"}],"about":[{"href":"https:\/\/cab.org.bo\/web\/wp-json\/wp\/v2\/types\/page"}],"author":[{"embeddable":true,"href":"https:\/\/cab.org.bo\/web\/wp-json\/wp\/v2\/users\/3"}],"replies":[{"embeddable":true,"href":"https:\/\/cab.org.bo\/web\/wp-json\/wp\/v2\/comments?post=1556"}],"version-history":[{"count":70,"href":"https:\/\/cab.org.bo\/web\/wp-json\/wp\/v2\/pages\/1556\/revisions"}],"predecessor-version":[{"id":2370,"href":"https:\/\/cab.org.bo\/web\/wp-json\/wp\/v2\/pages\/1556\/revisions\/2370"}],"wp:attachment":[{"href":"https:\/\/cab.org.bo\/web\/wp-json\/wp\/v2\/media?parent=1556"}],"curies":[{"name":"wp","href":"https:\/\/api.w.org\/{rel}","templated":true}]}}